{"id":24095,"date":"2023-04-08T12:03:48","date_gmt":"2023-04-08T12:03:48","guid":{"rendered":"https:\/\/www.verteco.digital\/verteco-shop-szolgaltatasi-feltetelek\/"},"modified":"2023-04-13T19:23:08","modified_gmt":"2023-04-13T19:23:08","slug":"verteco-shop-szolgaltatasi-feltetelek","status":"publish","type":"page","link":"https:\/\/www.verteco.digital\/hu\/verteco-shop-szolgaltatasi-feltetelek\/","title":{"rendered":"verteco.shop &#8211; szolg\u00e1ltat\u00e1si felt\u00e9telek"},"content":{"rendered":"\t\t<div data-elementor-type=\"wp-page\" data-elementor-id=\"24095\" class=\"elementor elementor-24095\" data-elementor-post-type=\"page\">\n\t\t\t\t\t\t<section class=\"elementor-section elementor-top-section elementor-element elementor-element-da001f3 elementor-section-boxed elementor-section-height-default elementor-section-height-default\" data-id=\"da001f3\" data-element_type=\"section\" data-e-type=\"section\">\n\t\t\t\t\t\t<div class=\"elementor-container elementor-column-gap-default\">\n\t\t\t\t\t<div class=\"elementor-column elementor-col-100 elementor-top-column elementor-element elementor-element-1c0b874\" data-id=\"1c0b874\" data-element_type=\"column\" data-e-type=\"column\">\n\t\t\t<div class=\"elementor-widget-wrap elementor-element-populated\">\n\t\t\t\t\t\t<div class=\"elementor-element elementor-element-5650a89 elementor-widget elementor-widget-spacer\" data-id=\"5650a89\" data-element_type=\"widget\" data-e-type=\"widget\" data-widget_type=\"spacer.default\">\n\t\t\t\t<div class=\"elementor-widget-container\">\n\t\t\t\t\t\t\t<div class=\"elementor-spacer\">\n\t\t\t<div class=\"elementor-spacer-inner\"><\/div>\n\t\t<\/div>\n\t\t\t\t\t\t<\/div>\n\t\t\t\t<\/div>\n\t\t\t\t<div class=\"elementor-element elementor-element-0bcaaf4 elementor-widget elementor-widget-heading\" data-id=\"0bcaaf4\" data-element_type=\"widget\" data-e-type=\"widget\" data-widget_type=\"heading.default\">\n\t\t\t\t<div class=\"elementor-widget-container\">\n\t\t\t\t\t<h2 class=\"elementor-heading-title elementor-size-default\">Szolg\u00e1ltat\u00e1si felt\u00e9telek - verteco.shop CSS program<\/h2>\t\t\t\t<\/div>\n\t\t\t\t<\/div>\n\t\t\t\t<div class=\"elementor-element elementor-element-cf0880d elementor-widget elementor-widget-text-editor\" data-id=\"cf0880d\" data-element_type=\"widget\" data-e-type=\"widget\" data-widget_type=\"text-editor.default\">\n\t\t\t\t<div class=\"elementor-widget-container\">\n\t\t\t\t\t\t\t\t\t<p>Szolg\u00e1ltat\u00e1si felt\u00e9telek, kibocs\u00e1t\u00f3: Verteco Digital Services ltd, azonos\u00edt\u00f3: 53412834, \u00e1faazonos\u00edt\u00f3: SK2121358349, bejegyzett Daniela Dlabaca 21, 010 01, Zsolna, Szlov\u00e1kia, Zsolnai Ker\u00fcleti B\u00edr\u00f3s\u00e1g c\u00e9gjegyz\u00e9ke, szakasz: Sro, bet\u00e9tsz. 75936\/L, (\u201eVerteco\u201d, \u201emi\u201d, \u201emi\u201d, vagy \u201emieink\u201d). Ezek a Szolg\u00e1ltat\u00e1si felt\u00e9telek (&#8222;Felt\u00e9telek&#8221;) szab\u00e1lyozz\u00e1k szolg\u00e1ltat\u00e1saink \u00d6n \u00e1ltali haszn\u00e1lat\u00e1t, bele\u00e9rtve a verteco.shop Comparison Shopping Service (CSS) programot, valamint webhely\u00fcnket, eszk\u00f6zeinket \u00e9s egy\u00e9b szolg\u00e1ltat\u00e1sainkat (egy\u00fcttesen: &#8222;Szolg\u00e1ltat\u00e1sok&#8221;). Szolg\u00e1ltat\u00e1saink haszn\u00e1lat\u00e1val \u00d6n (\u201e\u00d6n\u201d, \u201e\u00d6n\u201d vagy \u201e\u00dcgyf\u00e9l\u201d) beleegyezik a jelen Felt\u00e9telek betart\u00e1s\u00e1ba.<\/p>\n<ol>\n<li>Felt\u00e9telek elfogad\u00e1sa<\/li>\n<\/ol>\n<p>Szolg\u00e1ltat\u00e1sainkhoz val\u00f3 hozz\u00e1f\u00e9r\u00e9ssel vagy haszn\u00e1lat\u00e1val \u00d6n meger\u0151s\u00edti, hogy elolvasta, meg\u00e9rtette \u00e9s mag\u00e1ra n\u00e9zve k\u00f6telez\u0151nek ismeri el ezeket a felt\u00e9teleket \u00e9s adatv\u00e9delmi szab\u00e1lyzatunkat. Ha nem fogadja el a jelen Felt\u00e9teleket, k\u00e9rj\u00fck, ne l\u00e9pjen be \u00e9s ne haszn\u00e1lja Szolg\u00e1ltat\u00e1sainkat.<\/p>\n<ol start=\"2\">\n<li>Jogosults\u00e1g<\/li>\n<\/ol>\n<p>Szolg\u00e1ltat\u00e1saink haszn\u00e1lat\u00e1hoz legal\u00e1bb 18 \u00e9vesnek kell lennie. Szolg\u00e1ltat\u00e1saink haszn\u00e1lat\u00e1val \u00d6n kijelenti \u00e9s szavatolja, hogy megfelel ennek a k\u00f6vetelm\u00e9nynek, \u00e9s jogosult jogilag k\u00f6telez\u0151 \u00e9rv\u00e9ny\u0171 meg\u00e1llapod\u00e1s megk\u00f6t\u00e9s\u00e9re.<\/p>\n<ol start=\"3\">\n<li>Fi\u00f3k regisztr\u00e1ci\u00f3<\/li>\n<\/ol>\n<p>Szolg\u00e1ltat\u00e1saink bizonyos funkci\u00f3inak el\u00e9r\u00e9s\u00e9hez sz\u00fcks\u00e9g lehet egy fi\u00f3k l\u00e9trehoz\u00e1s\u00e1ra. \u00d6n felel\u0151s a fi\u00f3k hiteles\u00edt\u0151 adatainak bizalmas kezel\u00e9s\u00e9\u00e9rt, \u00e9s teljes felel\u0151ss\u00e9ggel tartozik a fi\u00f3kja alatt v\u00e9gzett \u00f6sszes tev\u00e9kenys\u00e9g\u00e9rt. \u00d6n v\u00e1llalja, hogy halad\u00e9ktalanul \u00e9rtes\u00edt benn\u00fcnket fi\u00f3kja illet\u00e9ktelen haszn\u00e1lat\u00e1r\u00f3l vagy a biztons\u00e1g b\u00e1rmely m\u00e1s megs\u00e9rt\u00e9s\u00e9r\u0151l. Fenntartjuk a jogot, hogy fi\u00f3kj\u00e1t b\u00e1rmikor, b\u00e1rmilyen okb\u00f3l megsz\u00fcntetj\u00fck vagy felf\u00fcggesztj\u00fck.<\/p>\n<ol start=\"4\">\n<li>Ingyenes pr\u00f3baverzi\u00f3<\/li>\n<\/ol>\n<p>30 napos ingyenes pr\u00f3baverzi\u00f3t k\u00edn\u00e1lunk CSS programunkhoz. Az ingyenes pr\u00f3baverzi\u00f3hoz nincs sz\u00fcks\u00e9g hitelk\u00e1rty\u00e1ra. A pr\u00f3baid\u0151szak ut\u00e1n ki kell v\u00e1lasztania egy \u00e1raz\u00e1si tervet, \u00e9s meg kell adnia a fizet\u00e9si inform\u00e1ci\u00f3kat, hogy tov\u00e1bbra is haszn\u00e1lja szolg\u00e1ltat\u00e1sainkat.<\/p>\n<ol start=\"5\">\n<li>\u00c1rk\u00e9pz\u00e9s \u00e9s fizet\u00e9s<\/li>\n<\/ol>\n<p>\u00c1raz\u00e1si terveink a weboldalunkon tal\u00e1lhat\u00f3k. K\u00fcl\u00f6nf\u00e9le \u00e1rk\u00e9pz\u00e9si lehet\u0151s\u00e9geket k\u00edn\u00e1lunk a k\u00fcl\u00f6nb\u00f6z\u0151 ig\u00e9nyek kiel\u00e9g\u00edt\u00e9s\u00e9re. A fizet\u00e9s havonta vagy egyszeri v\u00e1s\u00e1rl\u00e1sk\u00e9nt esed\u00e9kes, a v\u00e1lasztott csomagt\u00f3l f\u00fcgg\u0151en. Minden d\u00edj nem visszat\u00e9r\u00edthet\u0151, kiv\u00e9ve a t\u00f6rv\u00e9ny \u00e1ltal el\u0151\u00edrt eseteket.<\/p>\n<ol start=\"6\">\n<li>A szolg\u00e1ltat\u00e1sok \u00e9s a felt\u00e9telek v\u00e1ltoz\u00e1sai<\/li>\n<\/ol>\n<p>Szolg\u00e1ltat\u00e1sainkat vagy jelen Felt\u00e9teleket saj\u00e1t bel\u00e1t\u00e1sunk szerint b\u00e1rmikor m\u00f3dos\u00edthatjuk. Ha a jelen Felt\u00e9teleken b\u00e1rmilyen l\u00e9nyeges v\u00e1ltoztat\u00e1st v\u00e9gz\u00fcnk, err\u0151l a friss\u00edtett Felt\u00e9telek weboldalunkon t\u00f6rt\u00e9n\u0151 k\u00f6zz\u00e9t\u00e9tel\u00e9vel vagy m\u00e1s kommunik\u00e1ci\u00f3s eszk\u00f6zzel \u00e9rtes\u00edtj\u00fck. A v\u00e1ltoztat\u00e1sok ut\u00e1ni szolg\u00e1ltat\u00e1saink tov\u00e1bbi haszn\u00e1lata az \u00faj Felt\u00e9telek elfogad\u00e1s\u00e1t jelenti.<\/p>\n<ol start=\"7\">\n<li>Felmond\u00e1s<\/li>\n<\/ol>\n<p>B\u00e1rmelyik f\u00e9l b\u00e1rmikor, b\u00e1rmilyen okb\u00f3l felmondhatja ezt a szerz\u0151d\u00e9st a m\u00e1sik f\u00e9l \u00edr\u00e1sos \u00e9rtes\u00edt\u00e9s\u00e9vel. A felmond\u00e1st k\u00f6vet\u0151en \u00d6n abbahagyja Szolg\u00e1ltat\u00e1saink haszn\u00e1lat\u00e1t, \u00e9s letiltjuk a hozz\u00e1f\u00e9r\u00e9s\u00e9t platformunkhoz.<\/p>\n<ol start=\"8\">\n<li>Szellemi tulajdon<\/li>\n<\/ol>\n<p>A Szolg\u00e1ltat\u00e1sainkkal kapcsolatos minden tartalom, v\u00e9djegy \u00e9s egy\u00e9b szellemi tulajdonjog a mi vagy licencad\u00f3ink tulajdon\u00e1ban van. El\u0151zetes \u00edr\u00e1sbeli hozz\u00e1j\u00e1rul\u00e1sunk n\u00e9lk\u00fcl nem haszn\u00e1lhatja, m\u00f3dos\u00edthatja, reproduk\u00e1lhatja, terjesztheti vagy m\u00e1s m\u00f3don nem hasznos\u00edthatja szellemi tulajdonunkat.<\/p>\n<ol start=\"9\">\n<li>Jogi nyilatkozatok \u00e9s a felel\u0151ss\u00e9g korl\u00e1toz\u00e1sa<\/li>\n<\/ol>\n<p>Szolg\u00e1ltat\u00e1sainkat \u00fagy ny\u00fajtjuk, &#8222;ahogy vannak&#8221; \u00e9s &#8222;ahogy el\u00e9rhet\u0151ek&#8221;, b\u00e1rmif\u00e9le kifejezett vagy hallgat\u00f3lagos garancia n\u00e9lk\u00fcl. Nem garant\u00e1ljuk, hogy Szolg\u00e1ltat\u00e1saink zavartalanok, hibamentesek vagy teljesen biztons\u00e1gosak lesznek.<\/p>\n<p>A t\u00f6rv\u00e9ny \u00e1ltal megengedett legteljesebb m\u00e9rt\u00e9kben nem v\u00e1llalunk felel\u0151ss\u00e9get semmilyen k\u00f6zvetett, v\u00e9letlenszer\u0171, k\u00fcl\u00f6nleges, k\u00f6vetkezm\u00e9nyes vagy b\u00fcntet\u0151 jelleg\u0171 k\u00e1r\u00e9rt, sem a nyeres\u00e9g- vagy bev\u00e9telkies\u00e9s\u00e9rt, ak\u00e1r k\u00f6zvetlen\u00fcl, ak\u00e1r k\u00f6zvetve mer\u00fclnek fel, sem adatveszt\u00e9s\u00e9rt, felhaszn\u00e1l\u00e1s\u00e9rt, j\u00f3indulat\u00e9rt. , vagy egy\u00e9b immateri\u00e1lis vesztes\u00e9gek, amelyek abb\u00f3l erednek, hogy \u00d6n hozz\u00e1f\u00e9r a Szolg\u00e1ltat\u00e1sainkhoz, haszn\u00e1lja azokat, vagy nem tudja el\u00e9rni vagy haszn\u00e1lni tudja azokat.<\/p>\n<ol start=\"10\">\n<li>K\u00e1rtalan\u00edt\u00e1s<\/li>\n<\/ol>\n<p>\u00d6n beleegyezik abba, hogy k\u00e1rtalan\u00edtja, megv\u00e9di \u00e9s \u00e1rtalmatlann\u00e1 teszi a Verteco-t, annak le\u00e1nyv\u00e1llalatait \u00e9s megfelel\u0151 tiszts\u00e9gvisel\u0151it, igazgat\u00f3it, alkalmazottait \u00e9s \u00fcgyn\u00f6keit minden k\u00f6vetel\u00e9ssel, k\u00f6telezetts\u00e9ggel, k\u00e1rral, vesztes\u00e9ggel vagy kiad\u00e1ssal szemben, bele\u00e9rtve az \u00e9sszer\u0171 \u00fcgyv\u00e9di d\u00edjakat \u00e9s k\u00f6lts\u00e9geket. , amelyek abb\u00f3l erednek, vagy b\u00e1rmilyen m\u00f3don \u00f6sszef\u00fcggenek a Szolg\u00e1ltat\u00e1sainkhoz val\u00f3 hozz\u00e1f\u00e9r\u00e9ssel vagy azok haszn\u00e1lat\u00e1val, illetve a jelen Felt\u00e9telek megs\u00e9rt\u00e9s\u00e9vel.<\/p>\n<ol start=\"11\">\n<li>Ir\u00e1nyad\u00f3 jog \u00e9s joghat\u00f3s\u00e1g<\/li>\n<\/ol>\n<p>A jelen Felt\u00e9telekre Szlov\u00e1kia t\u00f6rv\u00e9nyei az ir\u00e1nyad\u00f3k, \u00e9s azok \u00e9rtelmez\u00e9s\u00e9re ir\u00e1nyad\u00f3ak, tekintet n\u00e9lk\u00fcl annak koll\u00edzi\u00f3s rendelkez\u00e9seire. A jelen Felt\u00e9telekb\u0151l vagy a Szolg\u00e1ltat\u00e1saink \u00d6n \u00e1ltali haszn\u00e1lat\u00e1b\u00f3l ered\u0151 vagy azokkal kapcsolatos vit\u00e1kat a szlov\u00e1kiai zsolnai illet\u00e9kes b\u00edr\u00f3s\u00e1gokon kell megoldani, \u00e9s \u00d6n beleegyezik, hogy al\u00e1veti mag\u00e1t az ilyen b\u00edr\u00f3s\u00e1gok szem\u00e9lyes joghat\u00f3s\u00e1g\u00e1nak.<\/p>\n<ol start=\"12\">\n<li>Elv\u00e1laszthat\u00f3s\u00e1g<\/li>\n<\/ol>\n<p>Ha a jelen Felt\u00e9telek b\u00e1rmely rendelkez\u00e9se v\u00e9grehajthatatlannak vagy \u00e9rv\u00e9nytelennek bizonyul, az adott rendelkez\u00e9st a sz\u00fcks\u00e9ges minim\u00e1lis m\u00e9rt\u00e9kig korl\u00e1tozni kell vagy meg kell sz\u00fcntetni annak \u00e9rdek\u00e9ben, hogy a jelen Felt\u00e9telek egy\u00e9bk\u00e9nt teljes hat\u00e1ly\u00faak, hat\u00e1lyosak \u00e9s v\u00e9grehajthat\u00f3ak maradjanak.<\/p>\n<ol start=\"13\">\n<li>Teljes egyez\u00e9s<\/li>\n<\/ol>\n<p>Ezek a Felt\u00e9telek az Adatv\u00e9delmi szab\u00e1lyzatunkkal egy\u00fctt alkotj\u00e1k a teljes meg\u00e1llapod\u00e1st \u00d6n \u00e9s a Verteco k\u00f6z\u00f6tt a Szolg\u00e1ltat\u00e1saink \u00d6n \u00e1ltali haszn\u00e1lat\u00e1ra vonatkoz\u00f3an, fel\u00fcl\u00edrva az \u00d6n \u00e9s a Verteco k\u00f6z\u00f6tt l\u00e9trej\u00f6tt minden kor\u00e1bbi vagy egyidej\u0171 meg\u00e1llapod\u00e1st, kommunik\u00e1ci\u00f3t \u00e9s javaslatot, ak\u00e1r sz\u00f3ban, ak\u00e1r \u00edr\u00e1sban.<\/p>\n<ol start=\"14\">\n<li>Nincs lemond\u00e1s<\/li>\n<\/ol>\n<p>A jelen Felt\u00e9telek b\u00e1rmely felt\u00e9tel\u00e9r\u0151l val\u00f3 lemond\u00e1s nem tekinthet\u0151 az adott felt\u00e9telr\u0151l vagy b\u00e1rmely m\u00e1s felt\u00e9telr\u0151l val\u00f3 tov\u00e1bbi vagy folyamatos lemond\u00e1snak, \u00e9s az, hogy a Verteco elmulasztja a jelen Felt\u00e9telek szerinti jog\u00e1nak vagy rendelkez\u00e9s\u00e9nek \u00e9rv\u00e9nyes\u00edt\u00e9s\u00e9t, nem jelenti az ilyen jogr\u00f3l vagy rendelkez\u00e9sr\u0151l val\u00f3 lemond\u00e1st.<\/p>\n<ol start=\"15\">\n<li>El\u00e9rhet\u0151s\u00e9g<\/li>\n<\/ol>\n<p>Ha b\u00e1rmilyen k\u00e9rd\u00e9se vagy agg\u00e1lya van jelen Felt\u00e9telekkel vagy Szolg\u00e1ltat\u00e1sainkkal kapcsolatban, k\u00e9rj\u00fck, vegye fel vel\u00fcnk a kapcsolatot az <a href=\"mailto:info@verteco.shop\">info@verteco.shop<\/a> e-mail c\u00edmen.<\/p>\n<p>\u00a9 Verteco Digital Services LTD, Minden jog fenntartva.<\/p>\n\t\t\t\t\t\t\t\t<\/div>\n\t\t\t\t<\/div>\n\t\t\t\t<div class=\"elementor-element elementor-element-f0a03f1 elementor-fixed elementor-widget elementor-widget-button\" data-id=\"f0a03f1\" data-element_type=\"widget\" data-e-type=\"widget\" data-settings=\"{&quot;_position&quot;:&quot;fixed&quot;}\" data-widget_type=\"button.default\">\n\t\t\t\t<div class=\"elementor-widget-container\">\n\t\t\t\t\t\t\t\t\t<div class=\"elementor-button-wrapper\">\n\t\t\t\t\t<a class=\"elementor-button elementor-button-link elementor-size-sm\" href=\"https:\/\/www.verteco.promo\/\" target=\"_blank\">\n\t\t\t\t\t\t<span class=\"elementor-button-content-wrapper\">\n\t\t\t\t\t\t\t\t\t<span class=\"elementor-button-text\">Tov\u00e1bbi inform\u00e1ci\u00f3 a verteco.shop CSS-r\u0151l<\/span>\n\t\t\t\t\t<\/span>\n\t\t\t\t\t<\/a>\n\t\t\t\t<\/div>\n\t\t\t\t\t\t\t\t<\/div>\n\t\t\t\t<\/div>\n\t\t\t\t\t<\/div>\n\t\t<\/div>\n\t\t\t\t\t<\/div>\n\t\t<\/section>\n\t\t\t\t<\/div>\n\t\t","protected":false},"excerpt":{"rendered":"<p>Szolg\u00e1ltat\u00e1si felt\u00e9telek &#8211; verteco.shop CSS program Szolg\u00e1ltat\u00e1si felt\u00e9telek, kibocs\u00e1t\u00f3: Verteco Digital Services ltd, azonos\u00edt\u00f3: 53412834, \u00e1faazonos\u00edt\u00f3: SK2121358349, bejegyzett Daniela Dlabaca 21, 010 01, Zsolna, Szlov\u00e1kia, Zsolnai Ker\u00fcleti B\u00edr\u00f3s\u00e1g c\u00e9gjegyz\u00e9ke, szakasz: Sro, bet\u00e9tsz. 75936\/L, (\u201eVerteco\u201d, \u201emi\u201d, \u201emi\u201d, vagy \u201emieink\u201d). Ezek a Szolg\u00e1ltat\u00e1si felt\u00e9telek (&#8222;Felt\u00e9telek&#8221;) szab\u00e1lyozz\u00e1k szolg\u00e1ltat\u00e1saink \u00d6n \u00e1ltali haszn\u00e1lat\u00e1t, bele\u00e9rtve a verteco.shop Comparison Shopping Service (CSS) [&hellip;]<\/p>\n","protected":false},"author":1,"featured_media":0,"parent":0,"menu_order":0,"comment_status":"closed","ping_status":"closed","template":"elementor_canvas","meta":{"footnotes":""},"class_list":["post-24095","page","type-page","status-publish","hentry"],"_links":{"self":[{"href":"https:\/\/www.verteco.digital\/hu\/wp-json\/wp\/v2\/pages\/24095","targetHints":{"allow":["GET"]}}],"collection":[{"href":"https:\/\/www.verteco.digital\/hu\/wp-json\/wp\/v2\/pages"}],"about":[{"href":"https:\/\/www.verteco.digital\/hu\/wp-json\/wp\/v2\/types\/page"}],"author":[{"embeddable":true,"href":"https:\/\/www.verteco.digital\/hu\/wp-json\/wp\/v2\/users\/1"}],"replies":[{"embeddable":true,"href":"https:\/\/www.verteco.digital\/hu\/wp-json\/wp\/v2\/comments?post=24095"}],"version-history":[{"count":0,"href":"https:\/\/www.verteco.digital\/hu\/wp-json\/wp\/v2\/pages\/24095\/revisions"}],"wp:attachment":[{"href":"https:\/\/www.verteco.digital\/hu\/wp-json\/wp\/v2\/media?parent=24095"}],"curies":[{"name":"wp","href":"https:\/\/api.w.org\/{rel}","templated":true}]}}