{"id":23249,"date":"2023-04-08T12:03:48","date_gmt":"2023-04-08T12:03:48","guid":{"rendered":"https:\/\/www.verteco.digital\/verteco-shop-anvandarvillkor\/"},"modified":"2023-04-13T18:32:59","modified_gmt":"2023-04-13T18:32:59","slug":"verteco-shop-anvandarvillkor","status":"publish","type":"page","link":"https:\/\/www.verteco.digital\/sv\/verteco-shop-anvandarvillkor\/","title":{"rendered":"verteco.shop &#8211; anv\u00e4ndarvillkor"},"content":{"rendered":"\t\t<div data-elementor-type=\"wp-page\" data-elementor-id=\"23249\" class=\"elementor elementor-23249\" data-elementor-post-type=\"page\">\n\t\t\t\t\t\t<section class=\"elementor-section elementor-top-section elementor-element elementor-element-da001f3 elementor-section-boxed elementor-section-height-default elementor-section-height-default\" data-id=\"da001f3\" data-element_type=\"section\" data-e-type=\"section\">\n\t\t\t\t\t\t<div class=\"elementor-container elementor-column-gap-default\">\n\t\t\t\t\t<div class=\"elementor-column elementor-col-100 elementor-top-column elementor-element elementor-element-1c0b874\" data-id=\"1c0b874\" data-element_type=\"column\" data-e-type=\"column\">\n\t\t\t<div class=\"elementor-widget-wrap elementor-element-populated\">\n\t\t\t\t\t\t<div class=\"elementor-element elementor-element-5650a89 elementor-widget elementor-widget-spacer\" data-id=\"5650a89\" data-element_type=\"widget\" data-e-type=\"widget\" data-widget_type=\"spacer.default\">\n\t\t\t\t<div class=\"elementor-widget-container\">\n\t\t\t\t\t\t\t<div class=\"elementor-spacer\">\n\t\t\t<div class=\"elementor-spacer-inner\"><\/div>\n\t\t<\/div>\n\t\t\t\t\t\t<\/div>\n\t\t\t\t<\/div>\n\t\t\t\t<div class=\"elementor-element elementor-element-0bcaaf4 elementor-widget elementor-widget-heading\" data-id=\"0bcaaf4\" data-element_type=\"widget\" data-e-type=\"widget\" data-widget_type=\"heading.default\">\n\t\t\t\t<div class=\"elementor-widget-container\">\n\t\t\t\t\t<h2 class=\"elementor-heading-title elementor-size-default\">Anv\u00e4ndarvillkor - verteco.shop CSS-program<\/h2>\t\t\t\t<\/div>\n\t\t\t\t<\/div>\n\t\t\t\t<div class=\"elementor-element elementor-element-cf0880d elementor-widget elementor-widget-text-editor\" data-id=\"cf0880d\" data-element_type=\"widget\" data-e-type=\"widget\" data-widget_type=\"text-editor.default\">\n\t\t\t\t<div class=\"elementor-widget-container\">\n\t\t\t\t\t\t\t\t\t<p>Anv\u00e4ndarvillkor, utf\u00e4rdade av Verteco Digital Services ltd (&#8221;Verteco&#8221;, &#8221;vi&#8221;, &#8221;oss&#8221; eller &#8221;v\u00e5r&#8221;). Dessa anv\u00e4ndarvillkor (&#8221;Villkor&#8221;) reglerar din anv\u00e4ndning av v\u00e5ra tj\u00e4nster, inklusive programmet verteco.shop Comparison Shopping Service (CSS), s\u00e5v\u00e4l som v\u00e5r webbplats, verktyg och andra funktioner (sammantaget &#8221;Tj\u00e4nsterna&#8221;). Genom att anv\u00e4nda v\u00e5ra tj\u00e4nster godk\u00e4nner du (&#8221;du&#8221;, &#8221;din&#8221; eller &#8221;Kund&#8221;) att vara bunden av dessa villkor.<\/p>\n<ol>\n<li>Godk\u00e4nnande av villkor<\/li>\n<\/ol>\n<p>Genom att komma \u00e5t eller anv\u00e4nda v\u00e5ra tj\u00e4nster bekr\u00e4ftar du att du har l\u00e4st, f\u00f6rst\u00e5tt och samtycker till att vara bunden av dessa villkor och v\u00e5r integritetspolicy. Om du inte godk\u00e4nner dessa villkor, v\u00e4nligen bes\u00f6k eller anv\u00e4nd inte v\u00e5ra tj\u00e4nster.<\/p>\n<ol start=\"2\">\n<li>Beh\u00f6righet<\/li>\n<\/ol>\n<p>Du m\u00e5ste vara minst 18 \u00e5r f\u00f6r att anv\u00e4nda v\u00e5ra tj\u00e4nster. Genom att anv\u00e4nda v\u00e5ra tj\u00e4nster representerar och garanterar du att du uppfyller detta krav och har befogenhet att ing\u00e5 ett juridiskt bindande avtal.<\/p>\n<ol start=\"3\">\n<li>Kontoregistrering<\/li>\n<\/ol>\n<p>F\u00f6r att f\u00e5 tillg\u00e5ng till vissa funktioner i v\u00e5ra tj\u00e4nster kan du beh\u00f6va skapa ett konto. Du \u00e4r ansvarig f\u00f6r att uppr\u00e4tth\u00e5lla konfidentialiteten f\u00f6r dina kontouppgifter och \u00e4r fullt ansvarig f\u00f6r alla aktiviteter som sker under ditt konto. Du samtycker till att omedelbart meddela oss om all obeh\u00f6rig anv\u00e4ndning av ditt konto eller andra s\u00e4kerhetsbrott. Vi f\u00f6rbeh\u00e5ller oss r\u00e4tten att avsluta eller st\u00e4nga av ditt konto n\u00e4r som helst av vilken anledning som helst.<\/p>\n<ol start=\"4\">\n<li>Gratis provperiod<\/li>\n<\/ol>\n<p>Vi erbjuder en 30-dagars gratis provperiod f\u00f6r v\u00e5rt CSS-program. Inget kreditkort kr\u00e4vs f\u00f6r den kostnadsfria provperioden. Efter provperioden m\u00e5ste du v\u00e4lja en prisplan och tillhandah\u00e5lla betalningsinformation f\u00f6r att forts\u00e4tta anv\u00e4nda v\u00e5ra tj\u00e4nster.<\/p>\n<ol start=\"5\">\n<li>Priss\u00e4ttning och betalning<\/li>\n<\/ol>\n<p>V\u00e5ra prisplaner finns listade p\u00e5 v\u00e5r hemsida. Vi erbjuder olika priss\u00e4ttningsalternativ f\u00f6r att tillgodose olika behov. Betalningar sker m\u00e5nadsvis eller som ett eng\u00e5ngsk\u00f6p, beroende p\u00e5 vilken plan du v\u00e4ljer. Alla avgifter \u00e4r ej \u00e5terbetalningsbara, f\u00f6rutom vad som kr\u00e4vs enligt lag.<\/p>\n<ol start=\"6\">\n<li>\u00c4ndringar av tj\u00e4nster och villkor<\/li>\n<\/ol>\n<p>Vi kan \u00e4ndra v\u00e5ra tj\u00e4nster eller dessa villkor n\u00e4r som helst, efter eget gottfinnande. Om vi g\u00f6r n\u00e5gra v\u00e4sentliga \u00e4ndringar i dessa villkor kommer vi att meddela dig genom att publicera de uppdaterade villkoren p\u00e5 v\u00e5r webbplats eller genom andra kommunikationsmedel. Din fortsatta anv\u00e4ndning av v\u00e5ra tj\u00e4nster efter s\u00e5dana \u00e4ndringar inneb\u00e4r att du accepterar de nya villkoren.<\/p>\n<ol start=\"7\">\n<li>Upps\u00e4gning<\/li>\n<\/ol>\n<p>B\u00e5da parterna kan s\u00e4ga upp detta avtal n\u00e4r som helst, av vilken anledning som helst, genom att l\u00e4mna skriftligt meddelande till den andra parten. Vid upps\u00e4gning kommer du att sluta anv\u00e4nda v\u00e5ra tj\u00e4nster och vi kommer att inaktivera din \u00e5tkomst till v\u00e5r plattform.<\/p>\n<ol start=\"8\">\n<li>Immateriella r\u00e4ttigheter<\/li>\n<\/ol>\n<p>Allt inneh\u00e5ll, varum\u00e4rken och andra immateriella r\u00e4ttigheter relaterade till v\u00e5ra tj\u00e4nster \u00e4gs av oss eller v\u00e5ra licensgivare. Du f\u00e5r inte anv\u00e4nda, modifiera, reproducera, distribuera eller p\u00e5 annat s\u00e4tt utnyttja v\u00e5r immateriella egendom utan v\u00e5rt skriftliga medgivande.<\/p>\n<ol start=\"9\">\n<li>Friskrivningar och ansvarsbegr\u00e4nsning<\/li>\n<\/ol>\n<p>V\u00e5ra tj\u00e4nster tillhandah\u00e5lls &#8221;i befintligt skick&#8221; och &#8221;s\u00e5som tillg\u00e4ngliga&#8221;, utan garantier av n\u00e5got slag, varken uttryckliga eller underf\u00f6rst\u00e5dda. Vi garanterar inte att v\u00e5ra tj\u00e4nster kommer att vara oavbrutna, felfria eller helt s\u00e4kra.<\/p>\n<p>I den utstr\u00e4ckning det \u00e4r till\u00e5tet enligt lag ska vi inte h\u00e5llas ansvariga f\u00f6r n\u00e5gra indirekta, tillf\u00e4lliga, speciella, f\u00f6ljdskador eller straffskador, eller f\u00f6rlust av vinst eller inkomst, vare sig den uppst\u00e5r direkt eller indirekt, eller f\u00f6rlust av data, anv\u00e4ndning, goodwill , eller andra immateriella f\u00f6rluster, som \u00e4r ett resultat av din tillg\u00e5ng till eller anv\u00e4ndning av, eller of\u00f6rm\u00e5ga att komma \u00e5t eller anv\u00e4nda, v\u00e5ra tj\u00e4nster.<\/p>\n<ol start=\"10\">\n<li>Skadeers\u00e4ttning<\/li>\n<\/ol>\n<p>Du samtycker till att gottg\u00f6ra, f\u00f6rsvara och h\u00e5lla Verteco, dess dotterbolag och deras respektive tj\u00e4nstem\u00e4n, direkt\u00f6rer, anst\u00e4llda och agenter skadesl\u00f6sa fr\u00e5n och mot alla anspr\u00e5k, skulder, skador, f\u00f6rluster eller utgifter, inklusive rimliga advokatarvoden och kostnader , som h\u00e4rr\u00f6r fr\u00e5n eller p\u00e5 n\u00e5got s\u00e4tt kopplat till din \u00e5tkomst till eller anv\u00e4ndning av v\u00e5ra tj\u00e4nster eller ditt brott mot dessa villkor.<\/p>\n<ol start=\"11\">\n<li>G\u00e4llande lag och jurisdiktion<\/li>\n<\/ol>\n<p>Dessa villkor ska styras av och tolkas i enlighet med Slovakiens lagar, utan h\u00e4nsyn till dess lagkonflikter. Eventuella tvister som uppst\u00e5r fr\u00e5n eller relaterade till dessa villkor eller din anv\u00e4ndning av v\u00e5ra tj\u00e4nster ska l\u00f6sas i de beh\u00f6riga domstolarna i \u017dilina, Slovakien, och du samtycker till att underkasta dig s\u00e5dana domstolars personliga jurisdiktion.<\/p>\n<ol start=\"12\">\n<li>Avskiljbarhet<\/li>\n<\/ol>\n<p>Om n\u00e5gon best\u00e4mmelse i dessa villkor visar sig vara om\u00f6jlig att verkst\u00e4lla eller ogiltig, ska denna best\u00e4mmelse begr\u00e4nsas eller elimineras i den minsta omfattning som \u00e4r n\u00f6dv\u00e4ndig s\u00e5 att dessa villkor i \u00f6vrigt ska f\u00f6rbli i full kraft och effekt och verkst\u00e4llbara.<\/p>\n<ol start=\"13\">\n<li>Hela avtalet<\/li>\n<\/ol>\n<p>Dessa villkor, tillsammans med v\u00e5r integritetspolicy, utg\u00f6r hela avtalet mellan dig och Verteco ang\u00e5ende din anv\u00e4ndning av v\u00e5ra tj\u00e4nster, och ers\u00e4tter alla tidigare eller samtidiga avtal, kommunikationer och f\u00f6rslag, vare sig de \u00e4r muntliga eller skriftliga, mellan dig och Verteco.<\/p>\n<ol start=\"14\">\n<li>Ingen undantag<\/li>\n<\/ol>\n<p>Inget avst\u00e5ende fr\u00e5n n\u00e5got villkor i dessa villkor ska anses vara ett ytterligare eller fortsatt avst\u00e5ende fr\u00e5n ett s\u00e5dant villkor eller n\u00e5got annat villkor, och Vertecos underl\u00e5tenhet att h\u00e4vda n\u00e5gon r\u00e4ttighet eller best\u00e4mmelse enligt dessa villkor ska inte utg\u00f6ra ett avst\u00e5ende fr\u00e5n s\u00e5dan r\u00e4ttighet eller best\u00e4mmelse.<\/p>\n<ol start=\"15\">\n<li>Kontaktinformation<\/li>\n<\/ol>\n<p>Om du har n\u00e5gra fr\u00e5gor eller funderingar om dessa villkor eller v\u00e5ra tj\u00e4nster, v\u00e4nligen kontakta oss p\u00e5 e-post: <a href=\"mailto:info@verteco.shop\">info@verteco.shop<\/a><\/p>\n<p>\u00a9 Verteco Digital Services LTD Med ensamr\u00e4tt.<\/p>\n\t\t\t\t\t\t\t\t<\/div>\n\t\t\t\t<\/div>\n\t\t\t\t<div class=\"elementor-element elementor-element-f0a03f1 elementor-fixed elementor-widget elementor-widget-button\" data-id=\"f0a03f1\" data-element_type=\"widget\" data-e-type=\"widget\" data-settings=\"{&quot;_position&quot;:&quot;fixed&quot;}\" data-widget_type=\"button.default\">\n\t\t\t\t<div class=\"elementor-widget-container\">\n\t\t\t\t\t\t\t\t\t<div class=\"elementor-button-wrapper\">\n\t\t\t\t\t<a class=\"elementor-button elementor-button-link elementor-size-sm\" href=\"https:\/\/www.verteco.promo\/\" target=\"_blank\">\n\t\t\t\t\t\t<span class=\"elementor-button-content-wrapper\">\n\t\t\t\t\t\t\t\t\t<span class=\"elementor-button-text\">Mer om verteco.shop CSS<\/span>\n\t\t\t\t\t<\/span>\n\t\t\t\t\t<\/a>\n\t\t\t\t<\/div>\n\t\t\t\t\t\t\t\t<\/div>\n\t\t\t\t<\/div>\n\t\t\t\t\t<\/div>\n\t\t<\/div>\n\t\t\t\t\t<\/div>\n\t\t<\/section>\n\t\t\t\t<\/div>\n\t\t","protected":false},"excerpt":{"rendered":"<p>Anv\u00e4ndarvillkor &#8211; verteco.shop CSS-program Anv\u00e4ndarvillkor, utf\u00e4rdade av Verteco Digital Services ltd (&#8221;Verteco&#8221;, &#8221;vi&#8221;, &#8221;oss&#8221; eller &#8221;v\u00e5r&#8221;). Dessa anv\u00e4ndarvillkor (&#8221;Villkor&#8221;) reglerar din anv\u00e4ndning av v\u00e5ra tj\u00e4nster, inklusive programmet verteco.shop Comparison Shopping Service (CSS), s\u00e5v\u00e4l som v\u00e5r webbplats, verktyg och andra funktioner (sammantaget &#8221;Tj\u00e4nsterna&#8221;). Genom att anv\u00e4nda v\u00e5ra tj\u00e4nster godk\u00e4nner du (&#8221;du&#8221;, &#8221;din&#8221; eller &#8221;Kund&#8221;) att vara [&hellip;]<\/p>\n","protected":false},"author":1,"featured_media":0,"parent":0,"menu_order":0,"comment_status":"closed","ping_status":"closed","template":"elementor_canvas","meta":{"footnotes":""},"class_list":["post-23249","page","type-page","status-publish","hentry"],"_links":{"self":[{"href":"https:\/\/www.verteco.digital\/sv\/wp-json\/wp\/v2\/pages\/23249","targetHints":{"allow":["GET"]}}],"collection":[{"href":"https:\/\/www.verteco.digital\/sv\/wp-json\/wp\/v2\/pages"}],"about":[{"href":"https:\/\/www.verteco.digital\/sv\/wp-json\/wp\/v2\/types\/page"}],"author":[{"embeddable":true,"href":"https:\/\/www.verteco.digital\/sv\/wp-json\/wp\/v2\/users\/1"}],"replies":[{"embeddable":true,"href":"https:\/\/www.verteco.digital\/sv\/wp-json\/wp\/v2\/comments?post=23249"}],"version-history":[{"count":0,"href":"https:\/\/www.verteco.digital\/sv\/wp-json\/wp\/v2\/pages\/23249\/revisions"}],"wp:attachment":[{"href":"https:\/\/www.verteco.digital\/sv\/wp-json\/wp\/v2\/media?parent=23249"}],"curies":[{"name":"wp","href":"https:\/\/api.w.org\/{rel}","templated":true}]}}